{"id":86,"date":"2021-03-18T17:49:27","date_gmt":"2021-03-18T16:49:27","guid":{"rendered":"https:\/\/vackra.vidsel.se\/?page_id=86"},"modified":"2021-11-22T09:30:00","modified_gmt":"2021-11-22T08:30:00","slug":"om-byaforeningen","status":"publish","type":"page","link":"https:\/\/vackra.vidsel.se\/?page_id=86","title":{"rendered":"Om Bygdef\u00f6rening"},"content":{"rendered":"\t\t<div data-elementor-type=\"wp-page\" data-elementor-id=\"86\" class=\"elementor elementor-86\" data-elementor-settings=\"[]\">\n\t\t\t\t\t\t\t<div class=\"elementor-section-wrap\">\n\t\t\t\t\t\t\t<section class=\"elementor-section elementor-top-section elementor-element elementor-element-1573a10d elementor-section-height-min-height elementor-section-boxed elementor-section-height-default elementor-section-items-middle\" data-id=\"1573a10d\" data-element_type=\"section\" data-settings=\"{&quot;background_background&quot;:&quot;classic&quot;}\">\n\t\t\t\t\t\t\t<div class=\"elementor-background-overlay\"><\/div>\n\t\t\t\t\t\t\t<div class=\"elementor-container elementor-column-gap-default\">\n\t\t\t\t\t<div class=\"elementor-column elementor-col-100 elementor-top-column elementor-element elementor-element-3cce9782\" data-id=\"3cce9782\" data-element_type=\"column\">\n\t\t\t<div class=\"elementor-widget-wrap elementor-element-populated\">\n\t\t\t\t\t\t\t\t<div class=\"elementor-element elementor-element-67cf42a0 elementor-widget elementor-widget-heading\" data-id=\"67cf42a0\" data-element_type=\"widget\" data-widget_type=\"heading.default\">\n\t\t\t\t<div class=\"elementor-widget-container\">\n\t\t\t<h2 class=\"elementor-heading-title elementor-size-large\">Om vidsels Bygdef\u00f6rening<\/h2>\t\t<\/div>\n\t\t\t\t<\/div>\n\t\t\t\t<div class=\"elementor-element elementor-element-454479e3 elementor-widget-divider--view-line elementor-widget elementor-widget-divider\" data-id=\"454479e3\" data-element_type=\"widget\" data-widget_type=\"divider.default\">\n\t\t\t\t<div class=\"elementor-widget-container\">\n\t\t\t\t\t<div class=\"elementor-divider\">\n\t\t\t<span class=\"elementor-divider-separator\">\n\t\t\t\t\t\t<\/span>\n\t\t<\/div>\n\t\t\t\t<\/div>\n\t\t\t\t<\/div>\n\t\t\t\t<div class=\"elementor-element elementor-element-26367e90 elementor-widget elementor-widget-text-editor\" data-id=\"26367e90\" data-element_type=\"widget\" data-widget_type=\"text-editor.default\">\n\t\t\t\t<div class=\"elementor-widget-container\">\n\t\t\t\t\t<div class=\"elementor-text-editor elementor-clearfix\"><p>Med v\u00e5ran Historia och framtida M\u00e5l g\u00f6r vi tillsammans Vidsel till n\u00e5got st\u00f6rre och trivsammare!<\/p><\/div>\n\t\t\t\t<\/div>\n\t\t\t\t<\/div>\n\t\t\t\t\t<\/div>\n\t\t<\/div>\n\t\t\t\t\t\t\t<\/div>\n\t\t<\/section>\n\t\t\t\t<section class=\"elementor-section elementor-top-section elementor-element elementor-element-658115e9 elementor-section-boxed elementor-section-height-default elementor-section-height-default\" data-id=\"658115e9\" data-element_type=\"section\" data-settings=\"{&quot;background_background&quot;:&quot;classic&quot;}\">\n\t\t\t\t\t\t<div class=\"elementor-container elementor-column-gap-default\">\n\t\t\t\t\t<div class=\"elementor-column elementor-col-33 elementor-top-column elementor-element elementor-element-748a827f\" data-id=\"748a827f\" data-element_type=\"column\">\n\t\t\t<div class=\"elementor-widget-wrap elementor-element-populated\">\n\t\t\t\t\t\t\t\t<div class=\"elementor-element elementor-element-1e1f159e elementor-widget elementor-widget-heading\" data-id=\"1e1f159e\" data-element_type=\"widget\" data-widget_type=\"heading.default\">\n\t\t\t\t<div class=\"elementor-widget-container\">\n\t\t\t<p class=\"elementor-heading-title elementor-size-large\">Styrelsen<\/p>\t\t<\/div>\n\t\t\t\t<\/div>\n\t\t\t\t<div class=\"elementor-element elementor-element-81ccc9e elementor-widget elementor-widget-text-editor\" data-id=\"81ccc9e\" data-element_type=\"widget\" data-widget_type=\"text-editor.default\">\n\t\t\t\t<div class=\"elementor-widget-container\">\n\t\t\t\t\t<div class=\"elementor-text-editor elementor-clearfix\"><p><strong>Ordf\u00f6rande<\/strong> <em>Marina Holmstr\u00f6m<\/em><\/p><p><strong> Kass\u00f6r<\/strong> <em>Evelina Rohdin<\/em><\/p><p><strong> Sekreterare<\/strong> <em>Jenny Lundqvist<\/em><\/p><p><strong> Ledamot<\/strong> <em>Lars L\u00f6fwenberg<\/em><\/p><p><strong>Ledamot<\/strong> <em>B\u00f6rje Andersson<\/em><\/p><p><strong> Ledamot<\/strong> <em>Franziska M\u00f6ller<\/em><\/p><p><strong> Ledamot<\/strong> <em>Fredrik Gr\u00f6nlund<\/em><\/p><p><strong> Suppleant<\/strong> <em>Aron Pettersson<\/em><\/p><p><strong> Suppleant<\/strong> <em>Eina Lundberg<\/em><\/p><p><strong> Suppleant<\/strong> <em>Benny Dahlberg<\/em><\/p><\/div>\n\t\t\t\t<\/div>\n\t\t\t\t<\/div>\n\t\t\t\t\t<\/div>\n\t\t<\/div>\n\t\t\t\t<div class=\"elementor-column elementor-col-33 elementor-top-column elementor-element elementor-element-3d94f46e\" data-id=\"3d94f46e\" data-element_type=\"column\">\n\t\t\t<div class=\"elementor-widget-wrap elementor-element-populated\">\n\t\t\t\t\t\t\t\t<div class=\"elementor-element elementor-element-84248cc elementor-widget elementor-widget-heading\" data-id=\"84248cc\" data-element_type=\"widget\" data-widget_type=\"heading.default\">\n\t\t\t\t<div class=\"elementor-widget-container\">\n\t\t\t<p class=\"elementor-heading-title elementor-size-large\">Historia<\/p>\t\t<\/div>\n\t\t\t\t<\/div>\n\t\t\t\t<div class=\"elementor-element elementor-element-6a0b305 elementor-widget elementor-widget-text-editor\" data-id=\"6a0b305\" data-element_type=\"widget\" data-widget_type=\"text-editor.default\">\n\t\t\t\t<div class=\"elementor-widget-container\">\n\t\t\t\t\t<div class=\"elementor-text-editor elementor-clearfix\"><p>&#8221;Vidsels Bygdef\u00f6rening bildades 18 maj 1981 p\u00e5 initiativ\u00a0 av Kom-Vux-elever i Vidsel<\/p><p>Syftet med f\u00f6reningen skulle vara att\u00a0genom aktiva insatser v\u00e4rna om den egna bygdens bevarande och positiva utveckling.<\/p><p>Bl a genom intensivt arbete fr\u00e5n f\u00f6reningens sida togs kommunens beslutet om rivning av &#8221;gamla gympan&#8221; tillbaka och Vidsel fick efter renovering och ombyggnad ett &#8221;Folkets Hus&#8221; sedemera officiellt d\u00f6pt till Vidsels Kulturhus<\/p><p>Kulturhuset har utnyttjas flitigt till m\u00f6ten, teater, dans, musikcaf\u00e9er, \u00e5rsfester, br\u00f6llop, fester av olika slag 50-60-70-80-\u00e5rskalas mm.Det har \u00e4ven hyrts ut till f\u00f6rs\u00e4ljare av skor kl\u00e4der mm.<\/p><p>Skolan har \u00e4ven nyttjat lokalerna under dagtid f\u00f6r olika aktiviteter<\/p><p>Lokalerna med k\u00f6k och musikanl\u00e4ggning har hyrts ut av Vidsels Bygdef\u00f6rening, som ocks\u00e5 tillsett lokaliteter och utrustning. F\u00f6reningens medlemmar har ocks\u00e5 genom sin medlemsavgift bidragit till Kulturhusets ekonomi. Flera st\u00f6rre investeringar har d\u00e4rigenom kunnat g\u00f6ras, fr\u00e4mst d\u00e5 i k\u00f6ket med bl a restaurangdiskmaskin, kylsk\u00e5p, frysbox mikrov\u00e5gsugn, v\u00e4rmesk\u00e5p och v\u00e4rmh\u00e5llningsplatta. \u00c4ven k\u00f6pt in ett flertal bord eftersom gamla har g\u00e5tt s\u00f6nder och kompletterat med 150 nya stolar, senare \u00e5r \u00e4ven projektorer f\u00f6r att kunna visa film.<\/p><p>Vidsels Bygdef\u00f6rening har genom \u00e5ren arrangerat ett stort antal tillst\u00e4llningar i Vidsel. Midsommarfester, valborgsm\u00e4ssofirande, musikkaf\u00e9er, teater, julgransplundringar f\u00f6r att nu n\u00e4mna n\u00e5gra arrangemang.&#8221;<\/p><p>\u00a0<\/p><p>Nytt f\u00f6r i \u00e5r 2021 \u00e4r att f\u00f6reningen kommer att flytta sin verksamhet fr\u00e5n Kulturhuset till en annan lokal som skall rustas upp i det s k NO-huset.<\/p><p>Lite mer historia<\/p><p>&#8221;Torgdagen i Vidsel startades1982 fr\u00e5n b\u00f6rjan i samarbete med f\u00f6reningen och de m\u00e5nga aff\u00e4rer som fanns d\u00e5, dagen fastst\u00e4lldes till l\u00f6rdagen f\u00f6re &#8221;Storforsens dag&#8221; som var 1 vecka f\u00f6re Midsommar. Butikerna har minskat men Torgdagen lever vidare med nya aktiviteter, f\u00f6rs\u00e4ljning kring torget, mat o fika, v\u00e5fflor, underh\u00e5llning mm och ses som n\u00e5got av tradition vid det h\u00e4r laget efter snart 40 \u00e5r.&#8221;<\/p><p>\u00a0<\/p><\/div>\n\t\t\t\t<\/div>\n\t\t\t\t<\/div>\n\t\t\t\t\t<\/div>\n\t\t<\/div>\n\t\t\t\t<div class=\"elementor-column elementor-col-33 elementor-top-column elementor-element elementor-element-56e32ee8\" data-id=\"56e32ee8\" data-element_type=\"column\">\n\t\t\t<div class=\"elementor-widget-wrap elementor-element-populated\">\n\t\t\t\t\t\t\t\t<div class=\"elementor-element elementor-element-3d17e4c1 elementor-widget elementor-widget-heading\" data-id=\"3d17e4c1\" data-element_type=\"widget\" data-widget_type=\"heading.default\">\n\t\t\t\t<div class=\"elementor-widget-container\">\n\t\t\t<p class=\"elementor-heading-title elementor-size-large\">M\u00e5l<\/p>\t\t<\/div>\n\t\t\t\t<\/div>\n\t\t\t\t<div class=\"elementor-element elementor-element-a756c14 elementor-widget elementor-widget-text-editor\" data-id=\"a756c14\" data-element_type=\"widget\" data-widget_type=\"text-editor.default\">\n\t\t\t\t<div class=\"elementor-widget-container\">\n\t\t\t\t\t<div class=\"elementor-text-editor elementor-clearfix\"><p>Lorem ipsum dolor sit amet, consectetur adipiscing elit. Ut elit tellus, luctus nec ullamcorper mattis, pulvinar dapibus leo.<\/p><\/div>\n\t\t\t\t<\/div>\n\t\t\t\t<\/div>\n\t\t\t\t\t<\/div>\n\t\t<\/div>\n\t\t\t\t\t\t\t<\/div>\n\t\t<\/section>\n\t\t\t\t<section class=\"elementor-section elementor-top-section elementor-element elementor-element-5b07a9f3 elementor-section-boxed elementor-section-height-default elementor-section-height-default\" data-id=\"5b07a9f3\" data-element_type=\"section\" data-settings=\"{&quot;background_background&quot;:&quot;classic&quot;}\">\n\t\t\t\t\t\t<div class=\"elementor-container elementor-column-gap-default\">\n\t\t\t\t\t<div class=\"elementor-column elementor-col-100 elementor-top-column elementor-element elementor-element-19bfbd1b\" data-id=\"19bfbd1b\" data-element_type=\"column\">\n\t\t\t<div class=\"elementor-widget-wrap elementor-element-populated\">\n\t\t\t\t\t\t\t\t<div class=\"elementor-element elementor-element-d0a972e elementor-widget elementor-widget-heading\" data-id=\"d0a972e\" data-element_type=\"widget\" data-widget_type=\"heading.default\">\n\t\t\t\t<div class=\"elementor-widget-container\">\n\t\t\t<h2 class=\"elementor-heading-title elementor-size-default\">Bes\u00f6k g\u00e4rna v\u00e5ran Facebooksida<\/h2>\t\t<\/div>\n\t\t\t\t<\/div>\n\t\t\t\t<div class=\"elementor-element elementor-element-6babfb71 e-grid-align-center e-grid-align-center elementor-shape-rounded elementor-grid-0 e-grid-align-center elementor-widget elementor-widget-social-icons\" data-id=\"6babfb71\" data-element_type=\"widget\" data-widget_type=\"social-icons.default\">\n\t\t\t\t<div class=\"elementor-widget-container\">\n\t\t\t\t\t<div class=\"elementor-social-icons-wrapper elementor-grid\">\n\t\t\t\t\t\t\t<div class=\"elementor-grid-item\">\n\t\t\t\t\t<a class=\"elementor-icon elementor-social-icon elementor-social-icon-facebook-f elementor-repeater-item-8c4d2e7\" href=\"https:\/\/www.facebook.com\/Vidsels-Bygdef%C3%B6rening-786321161499972\/?__xts__%5B0%5D=68.ARDMoyCAwSpcwfp-HjNkbBJU3as4rw_-lRDz0RUZMACuo1BcXudEMbc_6nY4nW-appiON-JWx7YHmj1FElZjpjh-QFWQbF_KUKMe7WHGs6eRppHv7bVzkI1bl-WjpyL7ajz8y5218nZS0FOo6r9yQfYzvm_DwckUprpB07r1DNAAfe7eamNXAf7CWAqQtSJn8Gc1kYl_wSq8mx-qpXu6akWJqG5FzHXRcc47x7sHma9fESMlGQYP_B0FTH0s0IV1WZ97tTqgrp4r1B3AgIk5nBmzbATk0Rn7zt8x5XKL0kwpseQsNVQm1Y4Mbxo8cN0-08pYg5bY1hB2DoidXnmOOd13K9pR6yX8N5E3ezm95dpS9melR98VrSQ_bvw&#038;hc_ref=ARRIV0TbgAjrGk1II4aYE0dPEkXiFpgNtqm5vd2LNPyZ0L0snT2zthlYafsDijNw0Bo&#038;fref=nf\" target=\"_blank\">\n\t\t\t\t\t\t<span class=\"elementor-screen-only\">Facebook-f<\/span>\n\t\t\t\t\t\t<i class=\"fab fa-facebook-f\"><\/i>\t\t\t\t\t<\/a>\n\t\t\t\t<\/div>\n\t\t\t\t\t<\/div>\n\t\t\t\t<\/div>\n\t\t\t\t<\/div>\n\t\t\t\t\t<\/div>\n\t\t<\/div>\n\t\t\t\t\t\t\t<\/div>\n\t\t<\/section>\n\t\t\t\t\t\t<\/div>\n\t\t\t\t\t<\/div>\n\t\t","protected":false},"excerpt":{"rendered":"<p>Om vidsels Bygdef\u00f6rening Med v\u00e5ran Historia och framtida M\u00e5l g\u00f6r vi tillsammans Vidsel till n\u00e5got st\u00f6rre och trivsammare! Styrelsen Ordf\u00f6rande Marina Holmstr\u00f6m Kass\u00f6r Evelina Rohdin Sekreterare Jenny Lundqvist Ledamot Lars L\u00f6fwenberg Ledamot B\u00f6rje Andersson Ledamot Franziska M\u00f6ller Ledamot Fredrik Gr\u00f6nlund Suppleant Aron Pettersson Suppleant Eina Lundberg Suppleant Benny Dahlberg Historia &#8221;Vidsels Bygdef\u00f6rening bildades 18 maj &hellip;<\/p>\n<p class=\"read-more\"> <a class=\"\" href=\"https:\/\/vackra.vidsel.se\/?page_id=86\"> <span class=\"screen-reader-text\">Om Bygdef\u00f6rening<\/span> L\u00e4s mer &raquo;<\/a><\/p>\n","protected":false},"author":3,"featured_media":0,"parent":0,"menu_order":0,"comment_status":"closed","ping_status":"closed","template":"","meta":[],"_links":{"self":[{"href":"https:\/\/vackra.vidsel.se\/index.php?rest_route=\/wp\/v2\/pages\/86"}],"collection":[{"href":"https:\/\/vackra.vidsel.se\/index.php?rest_route=\/wp\/v2\/pages"}],"about":[{"href":"https:\/\/vackra.vidsel.se\/index.php?rest_route=\/wp\/v2\/types\/page"}],"author":[{"embeddable":true,"href":"https:\/\/vackra.vidsel.se\/index.php?rest_route=\/wp\/v2\/users\/3"}],"replies":[{"embeddable":true,"href":"https:\/\/vackra.vidsel.se\/index.php?rest_route=%2Fwp%2Fv2%2Fcomments&post=86"}],"version-history":[{"count":35,"href":"https:\/\/vackra.vidsel.se\/index.php?rest_route=\/wp\/v2\/pages\/86\/revisions"}],"predecessor-version":[{"id":453,"href":"https:\/\/vackra.vidsel.se\/index.php?rest_route=\/wp\/v2\/pages\/86\/revisions\/453"}],"wp:attachment":[{"href":"https:\/\/vackra.vidsel.se\/index.php?rest_route=%2Fwp%2Fv2%2Fmedia&parent=86"}],"curies":[{"name":"wp","href":"https:\/\/api.w.org\/{rel}","templated":true}]}}